{"id":2192,"date":"2018-12-03T16:34:20","date_gmt":"2018-12-03T15:34:20","guid":{"rendered":"https:\/\/blog.backwinkel.de\/?page_id=2192"},"modified":"2025-10-06T13:14:00","modified_gmt":"2025-10-06T11:14:00","slug":"kindergarten-und-erziehersprueche","status":"publish","type":"page","link":"https:\/\/www.backwinkel.de\/blog\/kindergarten-und-erziehersprueche\/","title":{"rendered":"Erzieherspr\u00fcche"},"content":{"rendered":"\n<style type=\"text\/css\" data-created_by=\"avia_inline_auto\" id=\"style-css-av-jlncnyhk-28ed969c6e649b4da11b576b49edc608\">\n.avia-section.av-jlncnyhk-28ed969c6e649b4da11b576b49edc608{\nbackground-color:#f1d1e4;\nbackground-image:unset;\n}\n<\/style>\n<div id='av_section_1'  class='avia-section av-jlncnyhk-28ed969c6e649b4da11b576b49edc608 main_color avia-section-default avia-shadow  avia-builder-el-0  el_before_av_one_full  avia-builder-el-first  avia-bg-style-scroll av-minimum-height av-minimum-height-custom av-height-custom  container_wrap sidebar_right'   data-av_minimum_height_px='100'><div class='container av-section-cont-open' style='height:100px'><main  class='template-page content  av-content-small alpha units'><div class='post-entry post-entry-type-page post-entry-2192'><div class='entry-content-wrapper clearfix'>\n<div class='flex_column_table av-jlncrpja-e3973d4601f2be1862c535d46fdfb191 sc-av_one_full av-equal-height-column-flextable'>\n<style type=\"text\/css\" data-created_by=\"avia_inline_auto\" id=\"style-css-av-jlncrpja-e3973d4601f2be1862c535d46fdfb191\">\n.flex_column.av-jlncrpja-e3973d4601f2be1862c535d46fdfb191{\nborder-radius:0px 0px 0px 0px;\npadding:0px 0px 0px 0px;\n}\n<\/style>\n<div  class='flex_column av-jlncrpja-e3973d4601f2be1862c535d46fdfb191 av_one_full  avia-builder-el-1  avia-builder-el-no-sibling  first flex_column_table_cell av-equal-height-column av-align-top av-zero-column-padding  '     ><style type=\"text\/css\" data-created_by=\"avia_inline_auto\" id=\"style-css-av-jp3rmpe0-6436041d68cb4c1ad420ff117378cb68\">\n#top .av-special-heading.av-jp3rmpe0-6436041d68cb4c1ad420ff117378cb68{\npadding-bottom:0;\ncolor:#ffffff;\n}\nbody .av-special-heading.av-jp3rmpe0-6436041d68cb4c1ad420ff117378cb68 .av-special-heading-tag .heading-char{\nfont-size:25px;\n}\n.av-special-heading.av-jp3rmpe0-6436041d68cb4c1ad420ff117378cb68 .special-heading-inner-border{\nborder-color:#ffffff;\n}\n.av-special-heading.av-jp3rmpe0-6436041d68cb4c1ad420ff117378cb68 .av-subheading{\nfont-size:15px;\n}\n\n@media only screen and (min-width: 480px) and (max-width: 767px){ \n#top #wrap_all .av-special-heading.av-jp3rmpe0-6436041d68cb4c1ad420ff117378cb68 .av-special-heading-tag{\nfont-size:32px;\n}\n}\n\n@media only screen and (max-width: 479px){ \n#top #wrap_all .av-special-heading.av-jp3rmpe0-6436041d68cb4c1ad420ff117378cb68 .av-special-heading-tag{\nfont-size:32px;\n}\n}\n<\/style>\n<div  class='av-special-heading av-jp3rmpe0-6436041d68cb4c1ad420ff117378cb68 av-special-heading-h1 custom-color-heading blockquote modern-quote  avia-builder-el-2  avia-builder-el-no-sibling  av-linked-heading'><h1 class='av-special-heading-tag '  >KINDERGARTEN- UND ERZIEHERSPR\u00dcCHE<\/h1><div class=\"special-heading-border\"><div class=\"special-heading-inner-border\"><\/div><\/div><\/div><\/div><\/div><!--close column table wrapper. Autoclose: 1 --><\/div><\/div><\/main><!-- close content main element --><\/div><\/div><div id='after_section_1'  class='main_color av_default_container_wrap container_wrap sidebar_right'  ><div class='container av-section-cont-open' ><div class='template-page content  av-content-small alpha units'><div class='post-entry post-entry-type-page post-entry-2192'><div class='entry-content-wrapper clearfix'>\n<style type=\"text\/css\" data-created_by=\"avia_inline_auto\" id=\"style-css-av-39p88l-c6afa3d889cece95babec2210d77a33e\">\n.flex_column.av-39p88l-c6afa3d889cece95babec2210d77a33e{\nborder-radius:0px 0px 0px 0px;\npadding:0px 0px 0px 0px;\n}\n<\/style>\n<div  class='flex_column av-39p88l-c6afa3d889cece95babec2210d77a33e av_one_full  avia-builder-el-3  el_after_av_section  avia-builder-el-no-sibling  first flex_column_div av-zero-column-padding  '     ><p><section  class='av_textblock_section av-joei17t1-b4e8c0090c28f3aff04b32cc389ad0f3 '  ><div class='avia_textblock' ><p>Kommunikation zwischen Klein und Gro\u00df ist doch was Feines: manchmal wunderbar, manchmal sonderbar, aber hier immer zum Lachen. Ob Spr\u00fcche von Kindern, Erzieherspr\u00fcche oder Zitate aus dem Kindergarten bzw. \u00fcber Erzieher und Erziehung \u2013 Schmunzeln ist Programm. Viel Spa\u00df dabei.<\/p>\n<p>Sie haben auch lustige Spr\u00fcche in petto, die bestens in unsere Rubrik passen? Super, teilen Sie uns Ihre witzigen Statements gern mit: <a href=\"mailto:blog@backwinkel.de\">blog@backwinkel.de<\/a><\/p>\n<\/div><\/section><br \/>\n\n<style type=\"text\/css\" data-created_by=\"avia_inline_auto\" id=\"style-css-av-jp8gwiwq-33355efd2a6344c2b36c0a885fa63af3\">\n#top .hr.hr-invisible.av-jp8gwiwq-33355efd2a6344c2b36c0a885fa63af3{\nheight:50px;\n}\n<\/style>\n<div  class='hr av-jp8gwiwq-33355efd2a6344c2b36c0a885fa63af3 hr-invisible  avia-builder-el-5  el_after_av_textblock  el_before_av_masonry_gallery  avia-builder-el-last '><span class='hr-inner '><span class=\"hr-inner-style\"><\/span><\/span><\/div><br \/>\n<div id='av-masonry-1' class='av-masonry av-joegvxm8-c0336484c2540baa9611c94cc3ecc39d noHover av-flex-size av-large-gap av-hover-overlay- av-masonry-animation- av-masonry-col-4 av-caption-always av-caption-style- av-masonry-gallery ' data-post_id=\"2192\"><div class=\"av-masonry-container isotope av-js-disabled\"><div class='av-masonry-entry isotope-item av-masonry-item-no-image '><\/div><div id='av-masonry-1-item-2284' data-av-masonry-item='2284' class='av-masonry-entry isotope-item post-2284 attachment type-attachment status-inherit hentry  av-masonry-item-with-image'   ><div class='av-inner-masonry-sizer'><\/div><figure class='av-inner-masonry main_color'><div class=\"av-masonry-outerimage-container\"><div class='av-masonry-image-container'  ><img decoding=\"async\" width=\"470\" height=\"705\" fetchpriority=\"high\" class=\"wp-image-2284 avia-img-lazy-loading-not-2284\"  src=\"https:\/\/www.backwinkel.de\/blog\/wp-content\/uploads\/2018\/12\/backwinkel-blog-kindergarten-erzieher-schule-lehrer-sprueche-Wissenschaftler-600x900-470x705.jpg\" title=\"BACKWINKEL Blog \u2013 Spruch: Wissenschaftler haben herausgefunden\" alt=\"BACKWINKEL Blog \u2013 Spruch: Wissenschaftler haben herausgefunden, sind dann aber wieder reingegangen.\" srcset=\"https:\/\/www.backwinkel.de\/blog\/wp-content\/uploads\/2018\/12\/backwinkel-blog-kindergarten-erzieher-schule-lehrer-sprueche-Wissenschaftler-600x900-470x705.jpg 470w, https:\/\/www.backwinkel.de\/blog\/wp-content\/uploads\/2018\/12\/backwinkel-blog-kindergarten-erzieher-schule-lehrer-sprueche-Wissenschaftler-600x900-200x300.jpg 200w, https:\/\/www.backwinkel.de\/blog\/wp-content\/uploads\/2018\/12\/backwinkel-blog-kindergarten-erzieher-schule-lehrer-sprueche-Wissenschaftler-600x900-450x675.jpg 450w, https:\/\/www.backwinkel.de\/blog\/wp-content\/uploads\/2018\/12\/backwinkel-blog-kindergarten-erzieher-schule-lehrer-sprueche-Wissenschaftler-600x900.jpg 600w\" sizes=\"(max-width: 470px) 100vw, 470px\" \/><\/div><\/div><\/figure><\/div><!--end av-masonry entry--><a href=\"https:\/\/blog.backwinkel.de\/wp-content\/uploads\/2019\/01\/BACKWINKEL-Rollenspiele-im-Kindergarten-Methodenkarte.pdf\"  aria-label=\"Bild BACKWINKEL Blog &#8211; Spruch: Erfolgreich die Uni abgeschlossen\"  id='av-masonry-1-item-2283' data-av-masonry-item='2283' class='av-masonry-entry isotope-item post-2283 attachment type-attachment status-inherit hentry  av-masonry-item-with-image' title=\"BACKWINKEL Blog &#8211; Spruch: Erfolgreich die Uni abgeschlossen\" alt=\"BACKWINKEL Blog \u2013 Spruch: Ich habe erfolgreich die Uni abgeschlossen \u2013 Peter, 42, Hausmeister\"  data-av-masonry-custom-link=\"https:\/\/blog.backwinkel.de\/wp-content\/uploads\/2019\/01\/BACKWINKEL-Rollenspiele-im-Kindergarten-Methodenkarte.pdf\" ><div class='av-inner-masonry-sizer'><\/div><figure class='av-inner-masonry main_color'><div class=\"av-masonry-outerimage-container\"><div class='av-masonry-image-container'  ><img decoding=\"async\" width=\"470\" height=\"705\" fetchpriority=\"high\" class=\"wp-image-2283 avia-img-lazy-loading-not-2283\"  src=\"https:\/\/www.backwinkel.de\/blog\/wp-content\/uploads\/2018\/12\/backwinkel-blog-kindergarten-erzieher-schule-lehrer-sprueche-uni-abgeschlossen-600x900-470x705.jpg\" title=\"BACKWINKEL Blog &#8211; Spruch: Erfolgreich die Uni abgeschlossen\" alt=\"BACKWINKEL Blog \u2013 Spruch: Ich habe erfolgreich die Uni abgeschlossen \u2013 Peter, 42, Hausmeister\" srcset=\"https:\/\/www.backwinkel.de\/blog\/wp-content\/uploads\/2018\/12\/backwinkel-blog-kindergarten-erzieher-schule-lehrer-sprueche-uni-abgeschlossen-600x900-470x705.jpg 470w, https:\/\/www.backwinkel.de\/blog\/wp-content\/uploads\/2018\/12\/backwinkel-blog-kindergarten-erzieher-schule-lehrer-sprueche-uni-abgeschlossen-600x900-200x300.jpg 200w, https:\/\/www.backwinkel.de\/blog\/wp-content\/uploads\/2018\/12\/backwinkel-blog-kindergarten-erzieher-schule-lehrer-sprueche-uni-abgeschlossen-600x900-450x675.jpg 450w, https:\/\/www.backwinkel.de\/blog\/wp-content\/uploads\/2018\/12\/backwinkel-blog-kindergarten-erzieher-schule-lehrer-sprueche-uni-abgeschlossen-600x900.jpg 600w\" sizes=\"(max-width: 470px) 100vw, 470px\" \/><\/div><\/div><\/figure><\/a><!--end av-masonry entry--><div id='av-masonry-1-item-2282' data-av-masonry-item='2282' class='av-masonry-entry isotope-item post-2282 attachment type-attachment status-inherit hentry  av-masonry-item-with-image'   ><div class='av-inner-masonry-sizer'><\/div><figure class='av-inner-masonry main_color'><div class=\"av-masonry-outerimage-container\"><div class='av-masonry-image-container'  ><img decoding=\"async\" width=\"705\" height=\"705\" fetchpriority=\"high\" class=\"wp-image-2282 avia-img-lazy-loading-not-2282\"  src=\"https:\/\/www.backwinkel.de\/blog\/wp-content\/uploads\/2018\/12\/backwinkel-blog-kindergarten-erzieher-schule-lehrer-sprueche-umgebung-anpassen-900x900-705x705.jpg\" title=\"BACKWINKEL Blog \u2013 Spruch: Nicht das Kind soll sich der Umgebung anpassen \u2013 Maria Montessori\" alt=\"BACKWINKEL Blog \u2013 Spruch: Nicht das Kind soll sich der Umgebung anpassen, sondern wir sollten die Umgebung dem Kind anpassen. \u2013 Maria Montessori\" srcset=\"https:\/\/www.backwinkel.de\/blog\/wp-content\/uploads\/2018\/12\/backwinkel-blog-kindergarten-erzieher-schule-lehrer-sprueche-umgebung-anpassen-900x900-705x705.jpg 705w, https:\/\/www.backwinkel.de\/blog\/wp-content\/uploads\/2018\/12\/backwinkel-blog-kindergarten-erzieher-schule-lehrer-sprueche-umgebung-anpassen-900x900-300x300.jpg 300w, https:\/\/www.backwinkel.de\/blog\/wp-content\/uploads\/2018\/12\/backwinkel-blog-kindergarten-erzieher-schule-lehrer-sprueche-umgebung-anpassen-900x900-768x768.jpg 768w, https:\/\/www.backwinkel.de\/blog\/wp-content\/uploads\/2018\/12\/backwinkel-blog-kindergarten-erzieher-schule-lehrer-sprueche-umgebung-anpassen-900x900-36x36.jpg 36w, https:\/\/www.backwinkel.de\/blog\/wp-content\/uploads\/2018\/12\/backwinkel-blog-kindergarten-erzieher-schule-lehrer-sprueche-umgebung-anpassen-900x900-180x180.jpg 180w, https:\/\/www.backwinkel.de\/blog\/wp-content\/uploads\/2018\/12\/backwinkel-blog-kindergarten-erzieher-schule-lehrer-sprueche-umgebung-anpassen-900x900-120x120.jpg 120w, https:\/\/www.backwinkel.de\/blog\/wp-content\/uploads\/2018\/12\/backwinkel-blog-kindergarten-erzieher-schule-lehrer-sprueche-umgebung-anpassen-900x900-450x450.jpg 450w, https:\/\/www.backwinkel.de\/blog\/wp-content\/uploads\/2018\/12\/backwinkel-blog-kindergarten-erzieher-schule-lehrer-sprueche-umgebung-anpassen-900x900.jpg 900w\" sizes=\"(max-width: 705px) 100vw, 705px\" \/><\/div><\/div><\/figure><\/div><!--end av-masonry entry--><div id='av-masonry-1-item-2279' data-av-masonry-item='2279' class='av-masonry-entry isotope-item post-2279 attachment type-attachment status-inherit hentry  av-masonry-item-with-image'   ><div class='av-inner-masonry-sizer'><\/div><figure class='av-inner-masonry main_color'><div class=\"av-masonry-outerimage-container\"><div class='av-masonry-image-container'  ><img decoding=\"async\" width=\"705\" height=\"470\" fetchpriority=\"high\" class=\"wp-image-2279 avia-img-lazy-loading-not-2279\"  src=\"https:\/\/www.backwinkel.de\/blog\/wp-content\/uploads\/2018\/12\/backwinkel-blog-kindergarten-erzieher-schule-lehrer-sprueche-letzter-montag-900x600-705x470.jpg\" title=\"BACKWINKEL Blog \u2013 Spr\u00fcche: Die gute Nachricht ist: Heute ist der letzte Montag in der Woche.\" alt=\"BACKWINKEL Blog \u2013 Spruch: Die gute Nachricht ist: Heute ist der letzte Montag in der Woche.\" srcset=\"https:\/\/www.backwinkel.de\/blog\/wp-content\/uploads\/2018\/12\/backwinkel-blog-kindergarten-erzieher-schule-lehrer-sprueche-letzter-montag-900x600-705x470.jpg 705w, https:\/\/www.backwinkel.de\/blog\/wp-content\/uploads\/2018\/12\/backwinkel-blog-kindergarten-erzieher-schule-lehrer-sprueche-letzter-montag-900x600-300x200.jpg 300w, https:\/\/www.backwinkel.de\/blog\/wp-content\/uploads\/2018\/12\/backwinkel-blog-kindergarten-erzieher-schule-lehrer-sprueche-letzter-montag-900x600-768x512.jpg 768w, https:\/\/www.backwinkel.de\/blog\/wp-content\/uploads\/2018\/12\/backwinkel-blog-kindergarten-erzieher-schule-lehrer-sprueche-letzter-montag-900x600-450x300.jpg 450w, https:\/\/www.backwinkel.de\/blog\/wp-content\/uploads\/2018\/12\/backwinkel-blog-kindergarten-erzieher-schule-lehrer-sprueche-letzter-montag-900x600.jpg 900w\" sizes=\"(max-width: 705px) 100vw, 705px\" \/><\/div><\/div><\/figure><\/div><!--end av-masonry entry--><div id='av-masonry-1-item-2281' data-av-masonry-item='2281' class='av-masonry-entry isotope-item post-2281 attachment type-attachment status-inherit hentry  av-masonry-item-with-image'   ><div class='av-inner-masonry-sizer'><\/div><figure class='av-inner-masonry main_color'><div class=\"av-masonry-outerimage-container\"><div class='av-masonry-image-container'  ><img decoding=\"async\" width=\"470\" height=\"705\" fetchpriority=\"high\" class=\"wp-image-2281 avia-img-lazy-loading-not-2281\"  src=\"https:\/\/www.backwinkel.de\/blog\/wp-content\/uploads\/2018\/12\/backwinkel-blog-kindergarten-erzieher-schule-lehrer-sprueche-ruhe-ist-was-schoenes-600x900-470x705.jpg\" title=\"BACKWINKEL Blog \u2013 Spr\u00fcche: Ruhe ist etwas Sch\u00f6nes. Au\u00dfer man arbeitet mit Kindern, dann ist sie verd\u00e4chtig.\" alt=\"BACKWINKEL Blog \u2013 Spruch: Ruhe ist etwas Sch\u00f6nes. Au\u00dfer man arbeitet mit Kindern, dann ist sie verd\u00e4chtig.\" srcset=\"https:\/\/www.backwinkel.de\/blog\/wp-content\/uploads\/2018\/12\/backwinkel-blog-kindergarten-erzieher-schule-lehrer-sprueche-ruhe-ist-was-schoenes-600x900-470x705.jpg 470w, https:\/\/www.backwinkel.de\/blog\/wp-content\/uploads\/2018\/12\/backwinkel-blog-kindergarten-erzieher-schule-lehrer-sprueche-ruhe-ist-was-schoenes-600x900-200x300.jpg 200w, https:\/\/www.backwinkel.de\/blog\/wp-content\/uploads\/2018\/12\/backwinkel-blog-kindergarten-erzieher-schule-lehrer-sprueche-ruhe-ist-was-schoenes-600x900-450x675.jpg 450w, https:\/\/www.backwinkel.de\/blog\/wp-content\/uploads\/2018\/12\/backwinkel-blog-kindergarten-erzieher-schule-lehrer-sprueche-ruhe-ist-was-schoenes-600x900.jpg 600w\" sizes=\"(max-width: 470px) 100vw, 470px\" \/><\/div><\/div><\/figure><\/div><!--end av-masonry entry--><div id='av-masonry-1-item-2278' data-av-masonry-item='2278' class='av-masonry-entry isotope-item post-2278 attachment type-attachment status-inherit hentry  av-masonry-item-with-image'   ><div class='av-inner-masonry-sizer'><\/div><figure class='av-inner-masonry main_color'><div class=\"av-masonry-outerimage-container\"><div class='av-masonry-image-container'  ><img decoding=\"async\" width=\"705\" height=\"470\" fetchpriority=\"high\" class=\"wp-image-2278 avia-img-lazy-loading-not-2278\"  src=\"https:\/\/www.backwinkel.de\/blog\/wp-content\/uploads\/2018\/12\/backwinkel-blog-kindergarten-erzieher-schule-lehrer-sprueche-lebwohl-900x600-705x470.jpg\" title=\"BACKWINKEL Blog \u2013 Spr\u00fcche: Darf ich Ihnen das Lebwohl anbieten?\" alt=\"BACKWINKEL Blog \u2013 Spruch: Darf ich Ihnen das Lebwohl anbieten?\" srcset=\"https:\/\/www.backwinkel.de\/blog\/wp-content\/uploads\/2018\/12\/backwinkel-blog-kindergarten-erzieher-schule-lehrer-sprueche-lebwohl-900x600-705x470.jpg 705w, https:\/\/www.backwinkel.de\/blog\/wp-content\/uploads\/2018\/12\/backwinkel-blog-kindergarten-erzieher-schule-lehrer-sprueche-lebwohl-900x600-300x200.jpg 300w, https:\/\/www.backwinkel.de\/blog\/wp-content\/uploads\/2018\/12\/backwinkel-blog-kindergarten-erzieher-schule-lehrer-sprueche-lebwohl-900x600-768x512.jpg 768w, https:\/\/www.backwinkel.de\/blog\/wp-content\/uploads\/2018\/12\/backwinkel-blog-kindergarten-erzieher-schule-lehrer-sprueche-lebwohl-900x600-450x300.jpg 450w, https:\/\/www.backwinkel.de\/blog\/wp-content\/uploads\/2018\/12\/backwinkel-blog-kindergarten-erzieher-schule-lehrer-sprueche-lebwohl-900x600.jpg 900w\" sizes=\"(max-width: 705px) 100vw, 705px\" \/><\/div><\/div><\/figure><\/div><!--end av-masonry entry--><div id='av-masonry-1-item-2277' data-av-masonry-item='2277' class='av-masonry-entry isotope-item post-2277 attachment type-attachment status-inherit hentry  av-masonry-item-with-image'   ><div class='av-inner-masonry-sizer'><\/div><figure class='av-inner-masonry main_color'><div class=\"av-masonry-outerimage-container\"><div class='av-masonry-image-container'  ><img decoding=\"async\" width=\"705\" height=\"470\" fetchpriority=\"high\" class=\"wp-image-2277 avia-img-lazy-loading-not-2277\"  src=\"https:\/\/www.backwinkel.de\/blog\/wp-content\/uploads\/2018\/12\/backwinkel-blog-kindergarten-erzieher-schule-lehrer-sprueche-kleine-genies-900x600-705x470.jpg\" title=\"BACKWINKEL Blog \u2013 Spr\u00fcche: Kinder sind wie kleine Genies\" alt=\"BACKWINKEL Blog \u2013 Spruch: Kinder sind wie kleine Genies \u2013 gro\u00dfe Genies sind wie Kinder.\" srcset=\"https:\/\/www.backwinkel.de\/blog\/wp-content\/uploads\/2018\/12\/backwinkel-blog-kindergarten-erzieher-schule-lehrer-sprueche-kleine-genies-900x600-705x470.jpg 705w, https:\/\/www.backwinkel.de\/blog\/wp-content\/uploads\/2018\/12\/backwinkel-blog-kindergarten-erzieher-schule-lehrer-sprueche-kleine-genies-900x600-300x200.jpg 300w, https:\/\/www.backwinkel.de\/blog\/wp-content\/uploads\/2018\/12\/backwinkel-blog-kindergarten-erzieher-schule-lehrer-sprueche-kleine-genies-900x600-768x512.jpg 768w, https:\/\/www.backwinkel.de\/blog\/wp-content\/uploads\/2018\/12\/backwinkel-blog-kindergarten-erzieher-schule-lehrer-sprueche-kleine-genies-900x600-450x300.jpg 450w, https:\/\/www.backwinkel.de\/blog\/wp-content\/uploads\/2018\/12\/backwinkel-blog-kindergarten-erzieher-schule-lehrer-sprueche-kleine-genies-900x600.jpg 900w\" sizes=\"(max-width: 705px) 100vw, 705px\" \/><\/div><\/div><\/figure><\/div><!--end av-masonry entry--><div id='av-masonry-1-item-2276' data-av-masonry-item='2276' class='av-masonry-entry isotope-item post-2276 attachment type-attachment status-inherit hentry  av-masonry-item-with-image'   ><div class='av-inner-masonry-sizer'><\/div><figure class='av-inner-masonry main_color'><div class=\"av-masonry-outerimage-container\"><div class='av-masonry-image-container'  ><img decoding=\"async\" width=\"470\" height=\"705\" fetchpriority=\"high\" class=\"wp-image-2276 avia-img-lazy-loading-not-2276\"  src=\"https:\/\/www.backwinkel.de\/blog\/wp-content\/uploads\/2018\/12\/backwinkel-blog-kindergarten-erzieher-schule-lehrer-sprueche-du-lernst-mehr-von-deinen-kindern-600x900-470x705.jpg\" title=\"BACKWINKEL Blog \u2013 Spr\u00fcche: Von deinen Kindern lernst du mehr, als sie von dir. \u2013 Friedrich R\u00fcckert\" alt=\"BACKWINKEL Blog \u2013 Spruch: Von deinen Kindern lernst du mehr, als sie von dir. \u2013 Friedrich R\u00fcckert\" srcset=\"https:\/\/www.backwinkel.de\/blog\/wp-content\/uploads\/2018\/12\/backwinkel-blog-kindergarten-erzieher-schule-lehrer-sprueche-du-lernst-mehr-von-deinen-kindern-600x900-470x705.jpg 470w, https:\/\/www.backwinkel.de\/blog\/wp-content\/uploads\/2018\/12\/backwinkel-blog-kindergarten-erzieher-schule-lehrer-sprueche-du-lernst-mehr-von-deinen-kindern-600x900-200x300.jpg 200w, https:\/\/www.backwinkel.de\/blog\/wp-content\/uploads\/2018\/12\/backwinkel-blog-kindergarten-erzieher-schule-lehrer-sprueche-du-lernst-mehr-von-deinen-kindern-600x900-450x675.jpg 450w, https:\/\/www.backwinkel.de\/blog\/wp-content\/uploads\/2018\/12\/backwinkel-blog-kindergarten-erzieher-schule-lehrer-sprueche-du-lernst-mehr-von-deinen-kindern-600x900.jpg 600w\" sizes=\"(max-width: 470px) 100vw, 470px\" \/><\/div><\/div><\/figure><\/div><!--end av-masonry entry--><div id='av-masonry-1-item-2275' data-av-masonry-item='2275' class='av-masonry-entry isotope-item post-2275 attachment type-attachment status-inherit hentry  av-masonry-item-with-image'   ><div class='av-inner-masonry-sizer'><\/div><figure class='av-inner-masonry main_color'><div class=\"av-masonry-outerimage-container\"><div class='av-masonry-image-container'  ><img decoding=\"async\" width=\"705\" height=\"470\" fetchpriority=\"high\" class=\"wp-image-2275 avia-img-lazy-loading-not-2275\"  src=\"https:\/\/www.backwinkel.de\/blog\/wp-content\/uploads\/2018\/12\/backwinkel-blog-kindergarten-erzieher-schule-lehrer-sprueche-am-der-nerven-900x600-705x470.jpg\" title=\"BACKWINKEL Blog \u2013 Spruch: Warum sind am Ende der Nerven eigentlich noch so viele Kinder \u00fcbrig?\" alt=\"BACKWINKEL Blog \u2013 Spruch: Warum sind am Ende der Nerven eigentlich noch so viele Kinder \u00fcbrig?\" srcset=\"https:\/\/www.backwinkel.de\/blog\/wp-content\/uploads\/2018\/12\/backwinkel-blog-kindergarten-erzieher-schule-lehrer-sprueche-am-der-nerven-900x600-705x470.jpg 705w, https:\/\/www.backwinkel.de\/blog\/wp-content\/uploads\/2018\/12\/backwinkel-blog-kindergarten-erzieher-schule-lehrer-sprueche-am-der-nerven-900x600-300x200.jpg 300w, https:\/\/www.backwinkel.de\/blog\/wp-content\/uploads\/2018\/12\/backwinkel-blog-kindergarten-erzieher-schule-lehrer-sprueche-am-der-nerven-900x600-768x512.jpg 768w, https:\/\/www.backwinkel.de\/blog\/wp-content\/uploads\/2018\/12\/backwinkel-blog-kindergarten-erzieher-schule-lehrer-sprueche-am-der-nerven-900x600-450x300.jpg 450w, https:\/\/www.backwinkel.de\/blog\/wp-content\/uploads\/2018\/12\/backwinkel-blog-kindergarten-erzieher-schule-lehrer-sprueche-am-der-nerven-900x600.jpg 900w\" sizes=\"(max-width: 705px) 100vw, 705px\" \/><\/div><\/div><\/figure><\/div><!--end av-masonry entry--><div id='av-masonry-1-item-2274' data-av-masonry-item='2274' class='av-masonry-entry isotope-item post-2274 attachment type-attachment status-inherit hentry  av-masonry-item-with-image'   ><div class='av-inner-masonry-sizer'><\/div><figure class='av-inner-masonry main_color'><div class=\"av-masonry-outerimage-container\"><div class='av-masonry-image-container'  ><img decoding=\"async\" width=\"470\" height=\"705\" fetchpriority=\"high\" class=\"wp-image-2274 avia-img-lazy-loading-not-2274\"  src=\"https:\/\/www.backwinkel.de\/blog\/wp-content\/uploads\/2018\/12\/backwinkel-blog-kindergarten-erzieher-sprueche-zum-erzieher-geboren-600x900-470x705.jpg\" title=\"BACKWINKEL Blog \u2013 Kindergarten- und Erzieherspr\u00fcche: Zum Erzieher muss man eigentlich geboren sein \u2013 Karl Julius Weber\" alt=\"BACKWINKEL Blog \u2013 Kindergarten- und Erzieherspruch: Zum Erzieher muss man eigentlich geboren sein wie zum K\u00fcnstler. \u2013 Karl Julius Weber\" srcset=\"https:\/\/www.backwinkel.de\/blog\/wp-content\/uploads\/2018\/12\/backwinkel-blog-kindergarten-erzieher-sprueche-zum-erzieher-geboren-600x900-470x705.jpg 470w, https:\/\/www.backwinkel.de\/blog\/wp-content\/uploads\/2018\/12\/backwinkel-blog-kindergarten-erzieher-sprueche-zum-erzieher-geboren-600x900-200x300.jpg 200w, https:\/\/www.backwinkel.de\/blog\/wp-content\/uploads\/2018\/12\/backwinkel-blog-kindergarten-erzieher-sprueche-zum-erzieher-geboren-600x900-450x675.jpg 450w, https:\/\/www.backwinkel.de\/blog\/wp-content\/uploads\/2018\/12\/backwinkel-blog-kindergarten-erzieher-sprueche-zum-erzieher-geboren-600x900.jpg 600w\" sizes=\"(max-width: 470px) 100vw, 470px\" \/><\/div><\/div><\/figure><\/div><!--end av-masonry entry--><div id='av-masonry-1-item-2260' data-av-masonry-item='2260' class='av-masonry-entry isotope-item post-2260 attachment type-attachment status-inherit hentry  av-masonry-item-with-image'   ><div class='av-inner-masonry-sizer'><\/div><figure class='av-inner-masonry main_color'><div class=\"av-masonry-outerimage-container\"><div class='av-masonry-image-container'  ><img decoding=\"async\" width=\"705\" height=\"705\" fetchpriority=\"high\" class=\"wp-image-2260 avia-img-lazy-loading-not-2260\"  src=\"https:\/\/www.backwinkel.de\/blog\/wp-content\/uploads\/2018\/12\/backwinkel-blog-kindergarten-erzieher-sprueche-farbe-abwaschen-900x900-705x705.jpg\" title=\"BACKWINKEL Blog \u2013 Kindergarten- und Erzieherspr\u00fcche: Kann man die Farbe wieder abwischen?\" alt=\"BACKWINKEL Blog \u2013 Kindergarten- und Erzieherspruch: Dialog: Person A: Kann man die Farbe wieder abwischen? Person B: Nein, wir verwenden spezielle Farben. Ihr Kind wird nun f\u00fcr immer wie eine Katze geschminkt sein.\" srcset=\"https:\/\/www.backwinkel.de\/blog\/wp-content\/uploads\/2018\/12\/backwinkel-blog-kindergarten-erzieher-sprueche-farbe-abwaschen-900x900-705x705.jpg 705w, https:\/\/www.backwinkel.de\/blog\/wp-content\/uploads\/2018\/12\/backwinkel-blog-kindergarten-erzieher-sprueche-farbe-abwaschen-900x900-300x300.jpg 300w, https:\/\/www.backwinkel.de\/blog\/wp-content\/uploads\/2018\/12\/backwinkel-blog-kindergarten-erzieher-sprueche-farbe-abwaschen-900x900-768x768.jpg 768w, https:\/\/www.backwinkel.de\/blog\/wp-content\/uploads\/2018\/12\/backwinkel-blog-kindergarten-erzieher-sprueche-farbe-abwaschen-900x900-36x36.jpg 36w, https:\/\/www.backwinkel.de\/blog\/wp-content\/uploads\/2018\/12\/backwinkel-blog-kindergarten-erzieher-sprueche-farbe-abwaschen-900x900-180x180.jpg 180w, https:\/\/www.backwinkel.de\/blog\/wp-content\/uploads\/2018\/12\/backwinkel-blog-kindergarten-erzieher-sprueche-farbe-abwaschen-900x900-120x120.jpg 120w, https:\/\/www.backwinkel.de\/blog\/wp-content\/uploads\/2018\/12\/backwinkel-blog-kindergarten-erzieher-sprueche-farbe-abwaschen-900x900-450x450.jpg 450w, https:\/\/www.backwinkel.de\/blog\/wp-content\/uploads\/2018\/12\/backwinkel-blog-kindergarten-erzieher-sprueche-farbe-abwaschen-900x900.jpg 900w\" sizes=\"(max-width: 705px) 100vw, 705px\" \/><\/div><\/div><\/figure><\/div><!--end av-masonry entry--><div id='av-masonry-1-item-2273' data-av-masonry-item='2273' class='av-masonry-entry isotope-item post-2273 attachment type-attachment status-inherit hentry  av-masonry-item-with-image'   ><div class='av-inner-masonry-sizer'><\/div><figure class='av-inner-masonry main_color'><div class=\"av-masonry-outerimage-container\"><div class='av-masonry-image-container'  ><img decoding=\"async\" width=\"705\" height=\"705\" fetchpriority=\"high\" class=\"wp-image-2273 avia-img-lazy-loading-not-2273\"  src=\"https:\/\/www.backwinkel.de\/blog\/wp-content\/uploads\/2018\/12\/backwinkel-blog-kindergarten-erzieher-sprueche-zaehle-bis-drei-900x900-705x705.jpg\" title=\"BACKWINKEL Blog \u2013 Kindergarten- und Erzieherspr\u00fcche: Bis 3 z\u00e4hlen\" alt=\"BACKWINKEL Blog \u2013 Kindergarten- und Erzieherspruch: Wenn meine Kinder herauskriegen, dass gar nichts Schlimmes passiert, wenn ich bis drei gez\u00e4hlt habe, dann bin ich erledigt.\" srcset=\"https:\/\/www.backwinkel.de\/blog\/wp-content\/uploads\/2018\/12\/backwinkel-blog-kindergarten-erzieher-sprueche-zaehle-bis-drei-900x900-705x705.jpg 705w, https:\/\/www.backwinkel.de\/blog\/wp-content\/uploads\/2018\/12\/backwinkel-blog-kindergarten-erzieher-sprueche-zaehle-bis-drei-900x900-300x300.jpg 300w, https:\/\/www.backwinkel.de\/blog\/wp-content\/uploads\/2018\/12\/backwinkel-blog-kindergarten-erzieher-sprueche-zaehle-bis-drei-900x900-768x768.jpg 768w, https:\/\/www.backwinkel.de\/blog\/wp-content\/uploads\/2018\/12\/backwinkel-blog-kindergarten-erzieher-sprueche-zaehle-bis-drei-900x900-36x36.jpg 36w, https:\/\/www.backwinkel.de\/blog\/wp-content\/uploads\/2018\/12\/backwinkel-blog-kindergarten-erzieher-sprueche-zaehle-bis-drei-900x900-180x180.jpg 180w, https:\/\/www.backwinkel.de\/blog\/wp-content\/uploads\/2018\/12\/backwinkel-blog-kindergarten-erzieher-sprueche-zaehle-bis-drei-900x900-120x120.jpg 120w, https:\/\/www.backwinkel.de\/blog\/wp-content\/uploads\/2018\/12\/backwinkel-blog-kindergarten-erzieher-sprueche-zaehle-bis-drei-900x900-450x450.jpg 450w, https:\/\/www.backwinkel.de\/blog\/wp-content\/uploads\/2018\/12\/backwinkel-blog-kindergarten-erzieher-sprueche-zaehle-bis-drei-900x900.jpg 900w\" sizes=\"(max-width: 705px) 100vw, 705px\" \/><\/div><\/div><\/figure><\/div><!--end av-masonry entry--><\/div><a class='av-masonry-pagination av-masonry-load-more' href='#load-more'  data-ids='2284,2283,2282,2279,2281,2278,2277,2276,2275,2274,2260,2273,2280,2272,2271,2270,2268,2267,2266,2265,2264,2263,2262,2261,2259,2269,2258,2257'  data-ids_dynamic=''  data-caption_elements='none'  data-caption_styling=''  data-caption_display='always'  data-img_copyright=''  data-size='flex'  data-orientation='av-orientation-portrait-large'  data-image_size='masonry'  data-gap='large'  data-columns='4'  data-av-desktop-columns=''  data-av-medium-columns=''  data-av-small-columns=''  data-av-mini-columns=''  data-items='12'  data-paginate='load_more'  data-color=''  data-custom_bg=''  data-img_copyright_font=''  data-av-desktop-font-img_copyright_font=''  data-av-medium-font-img_copyright_font=''  data-av-small-font-img_copyright_font=''  data-av-mini-font-img_copyright_font=''  data-img_copyright_color=''  data-img_copyright_bg=''  data-animation=''  data-animation_duration=''  data-animation_custom_bg_color=''  data-animation_custom_bg_color_multi_list=''  data-animation_z_index_curtain='100'  data-overlay_fx=''  data-container_links=''  data-link_dest=''  data-lightbox_text=''  data-img_scrset=''  data-lazy_loading='disabled'  data-av-desktop-hide=''  data-av-medium-hide=''  data-av-small-hide=''  data-av-mini-hide=''  data-alb_description=''  data-id=''  data-custom_class=''  data-template_class=''  data-av_uid='av-joegvxm8'  data-sc_version='1.0'  data-action=''  data-link='category'  data-post_type='post, page, attachment, revision, nav_menu_item, custom_css, customize_changeset, oembed_cache, user_request, wp_block, wp_template, wp_template_part, wp_global_styles, wp_navigation, wp_font_family, wp_font_face, wpcode, alb_custom_layout, avia_framework_post, wpcf7_contact_form, portfolio'  data-term_rel='IN'  data-offset='0'  data-container_class='av-masonry-gallery'  data-wc_prod_visible=''  data-wc_prod_hidden=''  data-wc_prod_featured=''  data-wc_prod_sale=''  data-prod_order_by=''  data-prod_order=''  data-sort='no'  data-auto_ratio='1.7'  data-set_breadcrumb='1'  data-custom_markup=''  data-query_orderby='date'  data-query_order='DESC'  data-date_filter=''  data-date_filter_start=''  data-date_filter_end=''  data-date_filter_format='yy\/mm\/dd'  data-period_filter_unit_1=''  data-period_filter_unit_2=''  data-page_element_filter=''  data-avno='bbb2b64d0a'>Mehr laden<\/a><\/div><\/p><\/div><\/p>\n","protected":false},"excerpt":{"rendered":"","protected":false},"author":3,"featured_media":0,"parent":0,"menu_order":0,"comment_status":"closed","ping_status":"closed","template":"","meta":{"inline_featured_image":false,"footnotes":""},"class_list":["post-2192","page","type-page","status-publish","hentry"],"yoast_head":"<!-- This site is optimized with the Yoast SEO plugin v27.5 - https:\/\/yoast.com\/product\/yoast-seo-wordpress\/ -->\n<title>Kindergarten- und Erzieherspr\u00fcche | BACKWINKEL-Blog<\/title>\n<meta name=\"description\" content=\"Kommunikation zwischen Klein und Gro\u00df ist doch was Feines: manchmal wunderbar, manchmal sonderbar, aber hier immer zum Lachen. Ob Spr\u00fcche von Kindern, Erzieherspr\u00fcche oder Zitate aus dem Kindergarten bzw. \u00fcber Erzieher und Erziehung \u2013 Schmunzeln ist Programm.\" \/>\n<meta name=\"robots\" content=\"index, follow, max-snippet:-1, max-image-preview:large, max-video-preview:-1\" \/>\n<link rel=\"canonical\" href=\"https:\/\/www.backwinkel.de\/blog\/kindergarten-und-erziehersprueche\/\" \/>\n<meta property=\"og:locale\" content=\"de_DE\" \/>\n<meta property=\"og:type\" content=\"article\" \/>\n<meta property=\"og:title\" content=\"Kindergarten- und Erzieherspr\u00fcche | BACKWINKEL-Blog\" \/>\n<meta property=\"og:description\" content=\"Kommunikation zwischen Klein und Gro\u00df ist doch was Feines: manchmal wunderbar, manchmal sonderbar, aber hier immer zum Lachen. Ob Spr\u00fcche von Kindern, Erzieherspr\u00fcche oder Zitate aus dem Kindergarten bzw. \u00fcber Erzieher und Erziehung \u2013 Schmunzeln ist Programm.\" \/>\n<meta property=\"og:url\" content=\"https:\/\/www.backwinkel.de\/blog\/kindergarten-und-erziehersprueche\/\" \/>\n<meta property=\"og:site_name\" content=\"BACKWINKEL Blog\" \/>\n<meta property=\"article:modified_time\" content=\"2025-10-06T11:14:00+00:00\" \/>\n<meta name=\"twitter:card\" content=\"summary_large_image\" \/>\n<meta name=\"twitter:label1\" content=\"Gesch\u00e4tzte Lesezeit\" \/>\n\t<meta name=\"twitter:data1\" content=\"3\u00a0Minuten\" \/>\n<script type=\"application\/ld+json\" class=\"yoast-schema-graph\">{\"@context\":\"https:\\\/\\\/schema.org\",\"@graph\":[{\"@type\":\"WebPage\",\"@id\":\"https:\\\/\\\/www.backwinkel.de\\\/blog\\\/kindergarten-und-erziehersprueche\\\/\",\"url\":\"https:\\\/\\\/www.backwinkel.de\\\/blog\\\/kindergarten-und-erziehersprueche\\\/\",\"name\":\"Kindergarten- und Erzieherspr\u00fcche | BACKWINKEL-Blog\",\"isPartOf\":{\"@id\":\"https:\\\/\\\/www.backwinkel.de\\\/blog\\\/#website\"},\"datePublished\":\"2018-12-03T15:34:20+00:00\",\"dateModified\":\"2025-10-06T11:14:00+00:00\",\"description\":\"Kommunikation zwischen Klein und Gro\u00df ist doch was Feines: manchmal wunderbar, manchmal sonderbar, aber hier immer zum Lachen. Ob Spr\u00fcche von Kindern, Erzieherspr\u00fcche oder Zitate aus dem Kindergarten bzw. \u00fcber Erzieher und Erziehung \u2013 Schmunzeln ist Programm.\",\"breadcrumb\":{\"@id\":\"https:\\\/\\\/www.backwinkel.de\\\/blog\\\/kindergarten-und-erziehersprueche\\\/#breadcrumb\"},\"inLanguage\":\"de\",\"potentialAction\":[{\"@type\":\"ReadAction\",\"target\":[\"https:\\\/\\\/www.backwinkel.de\\\/blog\\\/kindergarten-und-erziehersprueche\\\/\"]}]},{\"@type\":\"BreadcrumbList\",\"@id\":\"https:\\\/\\\/www.backwinkel.de\\\/blog\\\/kindergarten-und-erziehersprueche\\\/#breadcrumb\",\"itemListElement\":[{\"@type\":\"ListItem\",\"position\":1,\"name\":\"Startseite\",\"item\":\"https:\\\/\\\/blog.backwinkel.de\\\/aktuelles\\\/\"},{\"@type\":\"ListItem\",\"position\":2,\"name\":\"Erzieherspr\u00fcche\"}]},{\"@type\":\"WebSite\",\"@id\":\"https:\\\/\\\/www.backwinkel.de\\\/blog\\\/#website\",\"url\":\"https:\\\/\\\/www.backwinkel.de\\\/blog\\\/\",\"name\":\"BACKWINKEL Blog\",\"description\":\"f\u00fcr Lehrer, Erzieher und Eltern\",\"potentialAction\":[{\"@type\":\"SearchAction\",\"target\":{\"@type\":\"EntryPoint\",\"urlTemplate\":\"https:\\\/\\\/www.backwinkel.de\\\/blog\\\/?s={search_term_string}\"},\"query-input\":{\"@type\":\"PropertyValueSpecification\",\"valueRequired\":true,\"valueName\":\"search_term_string\"}}],\"inLanguage\":\"de\"}]}<\/script>\n<!-- \/ Yoast SEO plugin. -->","yoast_head_json":{"title":"Kindergarten- und Erzieherspr\u00fcche | BACKWINKEL-Blog","description":"Kommunikation zwischen Klein und Gro\u00df ist doch was Feines: manchmal wunderbar, manchmal sonderbar, aber hier immer zum Lachen. Ob Spr\u00fcche von Kindern, Erzieherspr\u00fcche oder Zitate aus dem Kindergarten bzw. \u00fcber Erzieher und Erziehung \u2013 Schmunzeln ist Programm.","robots":{"index":"index","follow":"follow","max-snippet":"max-snippet:-1","max-image-preview":"max-image-preview:large","max-video-preview":"max-video-preview:-1"},"canonical":"https:\/\/www.backwinkel.de\/blog\/kindergarten-und-erziehersprueche\/","og_locale":"de_DE","og_type":"article","og_title":"Kindergarten- und Erzieherspr\u00fcche | BACKWINKEL-Blog","og_description":"Kommunikation zwischen Klein und Gro\u00df ist doch was Feines: manchmal wunderbar, manchmal sonderbar, aber hier immer zum Lachen. Ob Spr\u00fcche von Kindern, Erzieherspr\u00fcche oder Zitate aus dem Kindergarten bzw. \u00fcber Erzieher und Erziehung \u2013 Schmunzeln ist Programm.","og_url":"https:\/\/www.backwinkel.de\/blog\/kindergarten-und-erziehersprueche\/","og_site_name":"BACKWINKEL Blog","article_modified_time":"2025-10-06T11:14:00+00:00","twitter_card":"summary_large_image","twitter_misc":{"Gesch\u00e4tzte Lesezeit":"3\u00a0Minuten"},"schema":{"@context":"https:\/\/schema.org","@graph":[{"@type":"WebPage","@id":"https:\/\/www.backwinkel.de\/blog\/kindergarten-und-erziehersprueche\/","url":"https:\/\/www.backwinkel.de\/blog\/kindergarten-und-erziehersprueche\/","name":"Kindergarten- und Erzieherspr\u00fcche | BACKWINKEL-Blog","isPartOf":{"@id":"https:\/\/www.backwinkel.de\/blog\/#website"},"datePublished":"2018-12-03T15:34:20+00:00","dateModified":"2025-10-06T11:14:00+00:00","description":"Kommunikation zwischen Klein und Gro\u00df ist doch was Feines: manchmal wunderbar, manchmal sonderbar, aber hier immer zum Lachen. Ob Spr\u00fcche von Kindern, Erzieherspr\u00fcche oder Zitate aus dem Kindergarten bzw. \u00fcber Erzieher und Erziehung \u2013 Schmunzeln ist Programm.","breadcrumb":{"@id":"https:\/\/www.backwinkel.de\/blog\/kindergarten-und-erziehersprueche\/#breadcrumb"},"inLanguage":"de","potentialAction":[{"@type":"ReadAction","target":["https:\/\/www.backwinkel.de\/blog\/kindergarten-und-erziehersprueche\/"]}]},{"@type":"BreadcrumbList","@id":"https:\/\/www.backwinkel.de\/blog\/kindergarten-und-erziehersprueche\/#breadcrumb","itemListElement":[{"@type":"ListItem","position":1,"name":"Startseite","item":"https:\/\/blog.backwinkel.de\/aktuelles\/"},{"@type":"ListItem","position":2,"name":"Erzieherspr\u00fcche"}]},{"@type":"WebSite","@id":"https:\/\/www.backwinkel.de\/blog\/#website","url":"https:\/\/www.backwinkel.de\/blog\/","name":"BACKWINKEL Blog","description":"f\u00fcr Lehrer, Erzieher und Eltern","potentialAction":[{"@type":"SearchAction","target":{"@type":"EntryPoint","urlTemplate":"https:\/\/www.backwinkel.de\/blog\/?s={search_term_string}"},"query-input":{"@type":"PropertyValueSpecification","valueRequired":true,"valueName":"search_term_string"}}],"inLanguage":"de"}]}},"_links":{"self":[{"href":"https:\/\/www.backwinkel.de\/blog\/wp-json\/wp\/v2\/pages\/2192","targetHints":{"allow":["GET"]}}],"collection":[{"href":"https:\/\/www.backwinkel.de\/blog\/wp-json\/wp\/v2\/pages"}],"about":[{"href":"https:\/\/www.backwinkel.de\/blog\/wp-json\/wp\/v2\/types\/page"}],"author":[{"embeddable":true,"href":"https:\/\/www.backwinkel.de\/blog\/wp-json\/wp\/v2\/users\/3"}],"replies":[{"embeddable":true,"href":"https:\/\/www.backwinkel.de\/blog\/wp-json\/wp\/v2\/comments?post=2192"}],"version-history":[{"count":3,"href":"https:\/\/www.backwinkel.de\/blog\/wp-json\/wp\/v2\/pages\/2192\/revisions"}],"predecessor-version":[{"id":17106,"href":"https:\/\/www.backwinkel.de\/blog\/wp-json\/wp\/v2\/pages\/2192\/revisions\/17106"}],"wp:attachment":[{"href":"https:\/\/www.backwinkel.de\/blog\/wp-json\/wp\/v2\/media?parent=2192"}],"curies":[{"name":"wp","href":"https:\/\/api.w.org\/{rel}","templated":true}]}}